{"id":6425,"date":"2023-02-15T13:10:45","date_gmt":"2023-02-15T12:10:45","guid":{"rendered":"https:\/\/pac-interiors.be\/producten\/non%20class\u00e9\/vibe\/"},"modified":"2026-02-26T14:32:35","modified_gmt":"2026-02-26T13:32:35","slug":"fauteuil-de-coiffure-kiela-vibe","status":"publish","type":"product","link":"https:\/\/pac-interiors.be\/fr\/produits\/fauteuils-de-coiffure\/fauteuil-de-coiffure-kiela-vibe\/","title":{"rendered":"Fauteuil de coiffure Kiela \u2013 Vibe"},"content":{"rendered":"<p>Ajoutez une touche r\u00e9tro \u00e0 votre salon avec ce fauteuil de barbier moderne qui fait un clin d&rsquo;\u0153il aux ann\u00e9es &rsquo;60.<\/p>\n<p>La pi\u00e8ce de liaison en aluminium mat entre le dossier et l&rsquo;assise conf\u00e8re \u00e0 ce fauteuil un d\u00e9tail subtil.<\/p>\n<p>Choisissez parmi les diff\u00e9rentes couleurs et rev\u00eatements suivants :<\/p>\n<p><img fetchpriority=\"high\" decoding=\"async\" class=\"alignleft size-medium wp-image-4660\" src=\"https:\/\/pac-interiors.be\/media\/\/Kleuren-Kiela-1-660x660.png\" alt=\"\" width=\"660\" height=\"660\" srcset=\"https:\/\/pac-interiors.be\/media\/Kleuren-Kiela-1-660x660.png 660w, https:\/\/pac-interiors.be\/media\/Kleuren-Kiela-1-1320x1320.png 1320w, https:\/\/pac-interiors.be\/media\/Kleuren-Kiela-1-768x768.png 768w, https:\/\/pac-interiors.be\/media\/Kleuren-Kiela-1-1536x1536.png 1536w, https:\/\/pac-interiors.be\/media\/Kleuren-Kiela-1-512x512.png 512w\" sizes=\"(max-width: 660px) 100vw, 660px\" \/><\/p>\n<p>&nbsp;<\/p>\n<p>&nbsp;<\/p>\n<p>&nbsp;<\/p>\n<p>&nbsp;<\/p>\n<p>&nbsp;<\/p>\n<p>&nbsp;<\/p>\n<p>&nbsp;<\/p>\n<p>&nbsp;<\/p>\n<p>&nbsp;<\/p>\n<p>&nbsp;<\/p>\n<p>&nbsp;<\/p>\n<p>&nbsp;<\/p>\n<p>&nbsp;<\/p>\n<p>&nbsp;<\/p>\n<p>&nbsp;<\/p>\n<p>&nbsp;<\/p>\n<p>&nbsp;<\/p>\n<p>&nbsp;<\/p>\n<p>En naar welke soort voet gaat jouw voorkeur uit?<\/p>\n<p><img decoding=\"async\" class=\"alignleft size-medium wp-image-3514\" src=\"https:\/\/pac-interiors.be\/media\/\/Soorten-voeten-Kiela-1-660x257.jpg\" alt=\"\" width=\"660\" height=\"257\" srcset=\"https:\/\/pac-interiors.be\/media\/Soorten-voeten-Kiela-1-660x257.jpg 660w, https:\/\/pac-interiors.be\/media\/Soorten-voeten-Kiela-1-512x200.jpg 512w, https:\/\/pac-interiors.be\/media\/Soorten-voeten-Kiela-1.jpg 664w\" sizes=\"(max-width: 660px) 100vw, 660px\" \/><\/p>\n<p>&nbsp;<\/p>\n<p>&nbsp;<\/p>\n","protected":false},"excerpt":{"rendered":"<h4>Un fauteuil de coiffure moderne avec une touche de r\u00e9tro.<\/h4>\n<ul>\n<li>Design hollandais<\/li>\n<li>Moderne avec une touche r\u00e9tro<\/li>\n<li>D\u00e9tails subtils<\/li>\n<li>100% ergonomique<\/li>\n<\/ul>\n","protected":false},"featured_media":6432,"template":"","meta":{"_acf_changed":false},"product_brand":[],"product_cat":[61],"product_tag":[363],"class_list":{"0":"post-6425","1":"product","2":"type-product","3":"status-publish","4":"has-post-thumbnail","6":"product_cat-fauteuils-de-coiffure","7":"product_tag-dossier-ouvert","8":"pa_brand-kiela-fr","10":"first","11":"instock","12":"taxable","13":"shipping-taxable","14":"purchasable","15":"product-type-variable","16":"has-default-attributes"},"acf":[],"yoast_head":"<!-- This site is optimized with the Yoast SEO plugin v27.3 - https:\/\/yoast.com\/product\/yoast-seo-wordpress\/ -->\n<title>Fauteuil de coiffure Kiela \u2013 Vibe - PAC interiors<\/title>\n<meta name=\"robots\" content=\"index, follow, max-snippet:-1, max-image-preview:large, max-video-preview:-1\" \/>\n<link rel=\"canonical\" href=\"https:\/\/pac-interiors.be\/fr\/produits\/fauteuils-de-coiffure\/fauteuil-de-coiffure-kiela-vibe\/\" \/>\n<meta property=\"og:locale\" content=\"fr_FR\" \/>\n<meta property=\"og:type\" content=\"article\" \/>\n<meta property=\"og:title\" content=\"Fauteuil de coiffure Kiela \u2013 Vibe - PAC interiors\" \/>\n<meta property=\"og:description\" content=\"Un fauteuil de coiffure moderne avec une touche de r\u00e9tro.   Design hollandais  Moderne avec une touche r\u00e9tro  D\u00e9tails subtils  100% ergonomique\" \/>\n<meta property=\"og:url\" content=\"https:\/\/pac-interiors.be\/fr\/produits\/fauteuils-de-coiffure\/fauteuil-de-coiffure-kiela-vibe\/\" \/>\n<meta property=\"og:site_name\" content=\"PAC interiors\" \/>\n<meta property=\"article:modified_time\" content=\"2026-02-26T13:32:35+00:00\" \/>\n<meta property=\"og:image\" content=\"https:\/\/pac-interiors.be\/media\/Kiela_072022_0052_S-925x1024-1.jpg\" \/>\n\t<meta property=\"og:image:width\" content=\"925\" \/>\n\t<meta property=\"og:image:height\" content=\"1024\" \/>\n\t<meta property=\"og:image:type\" content=\"image\/jpeg\" \/>\n<meta name=\"twitter:card\" content=\"summary_large_image\" \/>\n<meta name=\"twitter:label1\" content=\"Dur\u00e9e de lecture est.\" \/>\n\t<meta name=\"twitter:data1\" content=\"1 minute\" \/>\n<script type=\"application\/ld+json\" class=\"yoast-schema-graph\">{\"@context\":\"https:\\\/\\\/schema.org\",\"@graph\":[{\"@type\":[\"WebPage\",\"ItemPage\"],\"@id\":\"https:\\\/\\\/pac-interiors.be\\\/fr\\\/produits\\\/fauteuils-de-coiffure\\\/fauteuil-de-coiffure-kiela-vibe\\\/\",\"url\":\"https:\\\/\\\/pac-interiors.be\\\/fr\\\/produits\\\/fauteuils-de-coiffure\\\/fauteuil-de-coiffure-kiela-vibe\\\/\",\"name\":\"Fauteuil de coiffure Kiela \u2013 Vibe - PAC interiors\",\"isPartOf\":{\"@id\":\"https:\\\/\\\/pac-interiors.be\\\/fr\\\/#website\"},\"primaryImageOfPage\":{\"@id\":\"https:\\\/\\\/pac-interiors.be\\\/fr\\\/produits\\\/fauteuils-de-coiffure\\\/fauteuil-de-coiffure-kiela-vibe\\\/#primaryimage\"},\"image\":{\"@id\":\"https:\\\/\\\/pac-interiors.be\\\/fr\\\/produits\\\/fauteuils-de-coiffure\\\/fauteuil-de-coiffure-kiela-vibe\\\/#primaryimage\"},\"thumbnailUrl\":\"https:\\\/\\\/pac-interiors.be\\\/media\\\/Kiela_072022_0052_S-925x1024-1.jpg\",\"datePublished\":\"2023-02-15T12:10:45+00:00\",\"dateModified\":\"2026-02-26T13:32:35+00:00\",\"breadcrumb\":{\"@id\":\"https:\\\/\\\/pac-interiors.be\\\/fr\\\/produits\\\/fauteuils-de-coiffure\\\/fauteuil-de-coiffure-kiela-vibe\\\/#breadcrumb\"},\"inLanguage\":\"fr-BE\",\"potentialAction\":[{\"@type\":\"ReadAction\",\"target\":[\"https:\\\/\\\/pac-interiors.be\\\/fr\\\/produits\\\/fauteuils-de-coiffure\\\/fauteuil-de-coiffure-kiela-vibe\\\/\"]}]},{\"@type\":\"ImageObject\",\"inLanguage\":\"fr-BE\",\"@id\":\"https:\\\/\\\/pac-interiors.be\\\/fr\\\/produits\\\/fauteuils-de-coiffure\\\/fauteuil-de-coiffure-kiela-vibe\\\/#primaryimage\",\"url\":\"https:\\\/\\\/pac-interiors.be\\\/media\\\/Kiela_072022_0052_S-925x1024-1.jpg\",\"contentUrl\":\"https:\\\/\\\/pac-interiors.be\\\/media\\\/Kiela_072022_0052_S-925x1024-1.jpg\",\"width\":925,\"height\":1024,\"caption\":\"Vibe kapperstoel kapsaloninrichting PAC interiors\"},{\"@type\":\"BreadcrumbList\",\"@id\":\"https:\\\/\\\/pac-interiors.be\\\/fr\\\/produits\\\/fauteuils-de-coiffure\\\/fauteuil-de-coiffure-kiela-vibe\\\/#breadcrumb\",\"itemListElement\":[{\"@type\":\"ListItem\",\"position\":1,\"name\":\"Home\",\"item\":\"https:\\\/\\\/pac-interiors.be\\\/fr\\\/\"},{\"@type\":\"ListItem\",\"position\":2,\"name\":\"Webshop\",\"item\":\"https:\\\/\\\/pac-interiors.be\\\/fr\\\/produits\\\/\"},{\"@type\":\"ListItem\",\"position\":3,\"name\":\"Fauteuils de coiffure\",\"item\":\"https:\\\/\\\/pac-interiors.be\\\/fr\\\/produits\\\/fauteuils-de-coiffure\\\/\"},{\"@type\":\"ListItem\",\"position\":4,\"name\":\"Fauteuil de coiffure Kiela \u2013 Vibe\"}]},{\"@type\":\"WebSite\",\"@id\":\"https:\\\/\\\/pac-interiors.be\\\/fr\\\/#website\",\"url\":\"https:\\\/\\\/pac-interiors.be\\\/fr\\\/\",\"name\":\"PAC interiors\",\"description\":\"Kapsalon inrichtingen, winkelinrichtingen en inrichting van schoonheidssalons\",\"publisher\":{\"@id\":\"https:\\\/\\\/pac-interiors.be\\\/fr\\\/#organization\"},\"alternateName\":\"PAC\",\"potentialAction\":[{\"@type\":\"SearchAction\",\"target\":{\"@type\":\"EntryPoint\",\"urlTemplate\":\"https:\\\/\\\/pac-interiors.be\\\/fr\\\/?s={search_term_string}\"},\"query-input\":{\"@type\":\"PropertyValueSpecification\",\"valueRequired\":true,\"valueName\":\"search_term_string\"}}],\"inLanguage\":\"fr-BE\"},{\"@type\":\"Organization\",\"@id\":\"https:\\\/\\\/pac-interiors.be\\\/fr\\\/#organization\",\"name\":\"PAC Interiors\",\"alternateName\":\"PAC\",\"url\":\"https:\\\/\\\/pac-interiors.be\\\/fr\\\/\",\"logo\":{\"@type\":\"ImageObject\",\"inLanguage\":\"fr-BE\",\"@id\":\"https:\\\/\\\/pac-interiors.be\\\/fr\\\/#\\\/schema\\\/logo\\\/image\\\/\",\"url\":\"https:\\\/\\\/pac-interiors.be\\\/media\\\/pac.svg\",\"contentUrl\":\"https:\\\/\\\/pac-interiors.be\\\/media\\\/pac.svg\",\"caption\":\"PAC Interiors\"},\"image\":{\"@id\":\"https:\\\/\\\/pac-interiors.be\\\/fr\\\/#\\\/schema\\\/logo\\\/image\\\/\"}}]}<\/script>\n<!-- \/ Yoast SEO plugin. -->","yoast_head_json":{"title":"Fauteuil de coiffure Kiela \u2013 Vibe - PAC interiors","robots":{"index":"index","follow":"follow","max-snippet":"max-snippet:-1","max-image-preview":"max-image-preview:large","max-video-preview":"max-video-preview:-1"},"canonical":"https:\/\/pac-interiors.be\/fr\/produits\/fauteuils-de-coiffure\/fauteuil-de-coiffure-kiela-vibe\/","og_locale":"fr_FR","og_type":"article","og_title":"Fauteuil de coiffure Kiela \u2013 Vibe - PAC interiors","og_description":"Un fauteuil de coiffure moderne avec une touche de r\u00e9tro.   Design hollandais  Moderne avec une touche r\u00e9tro  D\u00e9tails subtils  100% ergonomique","og_url":"https:\/\/pac-interiors.be\/fr\/produits\/fauteuils-de-coiffure\/fauteuil-de-coiffure-kiela-vibe\/","og_site_name":"PAC interiors","article_modified_time":"2026-02-26T13:32:35+00:00","og_image":[{"width":925,"height":1024,"url":"https:\/\/pac-interiors.be\/media\/Kiela_072022_0052_S-925x1024-1.jpg","type":"image\/jpeg"}],"twitter_card":"summary_large_image","twitter_misc":{"Dur\u00e9e de lecture est.":"1 minute"},"schema":{"@context":"https:\/\/schema.org","@graph":[{"@type":["WebPage","ItemPage"],"@id":"https:\/\/pac-interiors.be\/fr\/produits\/fauteuils-de-coiffure\/fauteuil-de-coiffure-kiela-vibe\/","url":"https:\/\/pac-interiors.be\/fr\/produits\/fauteuils-de-coiffure\/fauteuil-de-coiffure-kiela-vibe\/","name":"Fauteuil de coiffure Kiela \u2013 Vibe - PAC interiors","isPartOf":{"@id":"https:\/\/pac-interiors.be\/fr\/#website"},"primaryImageOfPage":{"@id":"https:\/\/pac-interiors.be\/fr\/produits\/fauteuils-de-coiffure\/fauteuil-de-coiffure-kiela-vibe\/#primaryimage"},"image":{"@id":"https:\/\/pac-interiors.be\/fr\/produits\/fauteuils-de-coiffure\/fauteuil-de-coiffure-kiela-vibe\/#primaryimage"},"thumbnailUrl":"https:\/\/pac-interiors.be\/media\/Kiela_072022_0052_S-925x1024-1.jpg","datePublished":"2023-02-15T12:10:45+00:00","dateModified":"2026-02-26T13:32:35+00:00","breadcrumb":{"@id":"https:\/\/pac-interiors.be\/fr\/produits\/fauteuils-de-coiffure\/fauteuil-de-coiffure-kiela-vibe\/#breadcrumb"},"inLanguage":"fr-BE","potentialAction":[{"@type":"ReadAction","target":["https:\/\/pac-interiors.be\/fr\/produits\/fauteuils-de-coiffure\/fauteuil-de-coiffure-kiela-vibe\/"]}]},{"@type":"ImageObject","inLanguage":"fr-BE","@id":"https:\/\/pac-interiors.be\/fr\/produits\/fauteuils-de-coiffure\/fauteuil-de-coiffure-kiela-vibe\/#primaryimage","url":"https:\/\/pac-interiors.be\/media\/Kiela_072022_0052_S-925x1024-1.jpg","contentUrl":"https:\/\/pac-interiors.be\/media\/Kiela_072022_0052_S-925x1024-1.jpg","width":925,"height":1024,"caption":"Vibe kapperstoel kapsaloninrichting PAC interiors"},{"@type":"BreadcrumbList","@id":"https:\/\/pac-interiors.be\/fr\/produits\/fauteuils-de-coiffure\/fauteuil-de-coiffure-kiela-vibe\/#breadcrumb","itemListElement":[{"@type":"ListItem","position":1,"name":"Home","item":"https:\/\/pac-interiors.be\/fr\/"},{"@type":"ListItem","position":2,"name":"Webshop","item":"https:\/\/pac-interiors.be\/fr\/produits\/"},{"@type":"ListItem","position":3,"name":"Fauteuils de coiffure","item":"https:\/\/pac-interiors.be\/fr\/produits\/fauteuils-de-coiffure\/"},{"@type":"ListItem","position":4,"name":"Fauteuil de coiffure Kiela \u2013 Vibe"}]},{"@type":"WebSite","@id":"https:\/\/pac-interiors.be\/fr\/#website","url":"https:\/\/pac-interiors.be\/fr\/","name":"PAC interiors","description":"Kapsalon inrichtingen, winkelinrichtingen en inrichting van schoonheidssalons","publisher":{"@id":"https:\/\/pac-interiors.be\/fr\/#organization"},"alternateName":"PAC","potentialAction":[{"@type":"SearchAction","target":{"@type":"EntryPoint","urlTemplate":"https:\/\/pac-interiors.be\/fr\/?s={search_term_string}"},"query-input":{"@type":"PropertyValueSpecification","valueRequired":true,"valueName":"search_term_string"}}],"inLanguage":"fr-BE"},{"@type":"Organization","@id":"https:\/\/pac-interiors.be\/fr\/#organization","name":"PAC Interiors","alternateName":"PAC","url":"https:\/\/pac-interiors.be\/fr\/","logo":{"@type":"ImageObject","inLanguage":"fr-BE","@id":"https:\/\/pac-interiors.be\/fr\/#\/schema\/logo\/image\/","url":"https:\/\/pac-interiors.be\/media\/pac.svg","contentUrl":"https:\/\/pac-interiors.be\/media\/pac.svg","caption":"PAC Interiors"},"image":{"@id":"https:\/\/pac-interiors.be\/fr\/#\/schema\/logo\/image\/"}}]}},"_links":{"self":[{"href":"https:\/\/pac-interiors.be\/fr\/wp-json\/wp\/v2\/product\/6425","targetHints":{"allow":["GET"]}}],"collection":[{"href":"https:\/\/pac-interiors.be\/fr\/wp-json\/wp\/v2\/product"}],"about":[{"href":"https:\/\/pac-interiors.be\/fr\/wp-json\/wp\/v2\/types\/product"}],"wp:featuredmedia":[{"embeddable":true,"href":"https:\/\/pac-interiors.be\/fr\/wp-json\/wp\/v2\/media\/6432"}],"wp:attachment":[{"href":"https:\/\/pac-interiors.be\/fr\/wp-json\/wp\/v2\/media?parent=6425"}],"wp:term":[{"taxonomy":"product_brand","embeddable":true,"href":"https:\/\/pac-interiors.be\/fr\/wp-json\/wp\/v2\/product_brand?post=6425"},{"taxonomy":"product_cat","embeddable":true,"href":"https:\/\/pac-interiors.be\/fr\/wp-json\/wp\/v2\/product_cat?post=6425"},{"taxonomy":"product_tag","embeddable":true,"href":"https:\/\/pac-interiors.be\/fr\/wp-json\/wp\/v2\/product_tag?post=6425"}],"curies":[{"name":"wp","href":"https:\/\/api.w.org\/{rel}","templated":true}]}}